{"id":52645,"date":"2026-01-22T09:32:16","date_gmt":"2026-01-22T09:32:16","guid":{"rendered":"https:\/\/www.villa-j.fr\/?page_id=52645"},"modified":"2026-02-05T13:44:05","modified_gmt":"2026-02-05T13:44:05","slug":"organize-your-seminars-at-arles","status":"publish","type":"page","link":"https:\/\/www.villa-j.fr\/en\/organize-your-seminars-at-arles\/","title":{"rendered":"Organize your seminars at Arles"},"content":{"rendered":"\n<div class=\"chapo\">\n\tNestled in the heart of Arles, Villa J offers a unique environment for organizing your company seminars. This architect-designed villa combines the charm of an exceptional venue with the functionality of perfectly equipped professional spaces, creating ideal conditions for productive and stimulating work days.<\/div>\n\n\n\n<h2 class=\"wp-block-heading\">Spaces adapted to your needs<\/h2>\n\n\n\n<div class=\"wp-block-columns is-layout-flex wp-container-core-columns-is-layout-9d6595d7 wp-block-columns-is-layout-flex\">\n<div class=\"wp-block-column is-layout-flow wp-block-column-is-layout-flow\" style=\"flex-basis:33.33%\">\n<figure class=\"wp-block-image size-full\"><img loading=\"lazy\" decoding=\"async\" width=\"723\" height=\"482\" src=\"https:\/\/www.villa-j.fr\/wp-content\/uploads\/2025\/11\/VillaJ-espaces-MG_0044-retouche-BD_w723.jpg\" alt=\"Espace int\u00e9rieur modulable pour s\u00e9minaire \u00e0 Arles\" class=\"wp-image-52512\" srcset=\"https:\/\/www.villa-j.fr\/wp-content\/uploads\/2025\/11\/VillaJ-espaces-MG_0044-retouche-BD_w723.jpg 723w, https:\/\/www.villa-j.fr\/wp-content\/uploads\/2025\/11\/VillaJ-espaces-MG_0044-retouche-BD_w723-550x367.jpg 550w, https:\/\/www.villa-j.fr\/wp-content\/uploads\/2025\/11\/VillaJ-espaces-MG_0044-retouche-BD_w723-360x240.jpg 360w\" sizes=\"auto, (max-width: 723px) 100vw, 723px\" \/><\/figure>\n<\/div>\n\n\n\n<div class=\"wp-block-column is-layout-flow wp-block-column-is-layout-flow\" style=\"flex-basis:66.66%\">\n<h3 class=\"wp-block-heading\">Versatile indoor spaces<\/h3>\n\n\n\n<p>Beyond the meeting rooms, Villa J offers modular spaces that adapt to your program: dining area with equipped kitchenette, circulation spaces promoting informal exchanges, and customizable layout options according to your specific needs.<\/p>\n\n\n\n<div class=\"wp-block-buttons is-layout-flex wp-block-buttons-is-layout-flex\">\n<div class=\"wp-block-button\"><a class=\"wp-block-button__link wp-element-button\" href=\"https:\/\/www.villa-j.fr\/en\/spaces\/flexible-indoor-space\/\">Learn more<\/a><\/div>\n<\/div>\n<\/div>\n<\/div>\n\n\n\n<div class=\"wp-block-columns is-layout-flex wp-container-core-columns-is-layout-9d6595d7 wp-block-columns-is-layout-flex\">\n<div class=\"wp-block-column is-layout-flow wp-block-column-is-layout-flow\" style=\"flex-basis:33.33%\">\n<figure class=\"wp-block-image size-large\"><img loading=\"lazy\" decoding=\"async\" width=\"800\" height=\"534\" src=\"https:\/\/www.villa-j.fr\/wp-content\/uploads\/2024\/03\/MG_9345-retouche-BD-800x534.jpg\" alt=\"Salles de r\u00e9union pour s\u00e9minaires \u00e0 Arles\" class=\"wp-image-126\" srcset=\"https:\/\/www.villa-j.fr\/wp-content\/uploads\/2024\/03\/MG_9345-retouche-BD-800x534.jpg 800w, https:\/\/www.villa-j.fr\/wp-content\/uploads\/2024\/03\/MG_9345-retouche-BD-550x367.jpg 550w, https:\/\/www.villa-j.fr\/wp-content\/uploads\/2024\/03\/MG_9345-retouche-BD-360x240.jpg 360w, https:\/\/www.villa-j.fr\/wp-content\/uploads\/2024\/03\/MG_9345-retouche-BD-768x512.jpg 768w, https:\/\/www.villa-j.fr\/wp-content\/uploads\/2024\/03\/MG_9345-retouche-BD.jpg 1000w\" sizes=\"auto, (max-width: 800px) 100vw, 800px\" \/><\/figure>\n<\/div>\n\n\n\n<div class=\"wp-block-column is-layout-flow wp-block-column-is-layout-flow\" style=\"flex-basis:66.66%\">\n<h3 class=\"wp-block-heading\">Three modular meeting rooms<\/h3>\n\n\n\n<p>We provide three meeting spaces that can accommodate 3 to 10 people depending on your configurations. These bright and quiet rooms adapt to all formats: strategic meetings, collaborative workshops, brainstorming sessions or small group presentations. Each space is equipped to facilitate your exchanges and maximize the efficiency of your work.<\/p>\n\n\n\n<div class=\"wp-block-buttons is-layout-flex wp-block-buttons-is-layout-flex\">\n<div class=\"wp-block-button\"><a class=\"wp-block-button__link wp-element-button\" href=\"https:\/\/www.villa-j.fr\/en\/coworking-and-work-meetings-in-arles\/\">Learn more<\/a><\/div>\n<\/div>\n<\/div>\n<\/div>\n\n\n\n<div class=\"wp-block-columns is-layout-flex wp-container-core-columns-is-layout-9d6595d7 wp-block-columns-is-layout-flex\">\n<div class=\"wp-block-column is-layout-flow wp-block-column-is-layout-flow\" style=\"flex-basis:33.33%\">\n<figure class=\"wp-block-image size-full\"><img loading=\"lazy\" decoding=\"async\" width=\"723\" height=\"482\" src=\"https:\/\/www.villa-j.fr\/wp-content\/uploads\/2025\/11\/IMG_4674_w723.jpg\" alt=\"Espace ext\u00e9rieur pour s\u00e9minaire \u00e0 Arles\" class=\"wp-image-52516\" srcset=\"https:\/\/www.villa-j.fr\/wp-content\/uploads\/2025\/11\/IMG_4674_w723.jpg 723w, https:\/\/www.villa-j.fr\/wp-content\/uploads\/2025\/11\/IMG_4674_w723-550x367.jpg 550w, https:\/\/www.villa-j.fr\/wp-content\/uploads\/2025\/11\/IMG_4674_w723-360x240.jpg 360w\" sizes=\"auto, (max-width: 723px) 100vw, 723px\" \/><\/figure>\n<\/div>\n\n\n\n<div class=\"wp-block-column is-layout-flow wp-block-column-is-layout-flow\" style=\"flex-basis:66.66%\">\n<h3 class=\"wp-block-heading\">A 350 m\u00b2 landscaped garden<\/h3>\n\n\n\n<p>A true asset of Villa J, our shaded garden offers an exceptional outdoor space for your lunch breaks, relaxation moments or outdoor work sessions. This green environment fosters creativity and allows your teams to recharge between work sessions.<\/p>\n\n\n\n<div class=\"wp-block-buttons is-layout-flex wp-block-buttons-is-layout-flex\">\n<div class=\"wp-block-button\"><a class=\"wp-block-button__link wp-element-button\" href=\"https:\/\/www.villa-j.fr\/en\/spaces\/wooded-garden\/\">Learn more<\/a><\/div>\n<\/div>\n<\/div>\n<\/div>\n\n\n\n<h2 class=\"wp-block-heading\">A strategic location<\/h2>\n\n\n\n<p>Ideally located near the center of Arles, Villa J benefits from optimal accessibility. Your participants enjoy proximity to restaurants, shops and cultural sites of Arles, while benefiting from a calm and preserved environment for their work sessions. Parking is nearby, the train station is accessible in 20 minutes on foot and the highway is only 5 minutes away.<\/p>\n\n\n\n<h2 class=\"wp-block-heading\">Tailored services for your seminars<\/h2>\n\n\n\n<div class=\"wp-block-columns is-layout-flex wp-container-core-columns-is-layout-9d6595d7 wp-block-columns-is-layout-flex\">\n<div class=\"wp-block-column is-layout-flow wp-block-column-is-layout-flow\">\n<p>We support you in organizing your seminar with adapted services:<\/p>\n\n\n\n<ul class=\"wp-block-list\">\n<li>Full or partial privatization of spaces<\/li>\n\n\n\n<li>Catering services and lunch box delivery on request<\/li>\n\n\n\n<li>Gourmet breaks with pastries and beverages<\/li>\n\n\n\n<li>Audiovisual equipment (projector)<\/li>\n\n\n\n<li>Personalized layout according to your program<\/li>\n<\/ul>\n<\/div>\n\n\n\n<div class=\"wp-block-column is-layout-flow wp-block-column-is-layout-flow\"><\/div>\n<\/div>\n\n\n\n<figure class=\"wp-block-gallery has-nested-images columns-default is-cropped wp-block-gallery-1 is-layout-flex wp-block-gallery-is-layout-flex\">\n<figure class=\"wp-block-image size-large\"><img loading=\"lazy\" decoding=\"async\" width=\"800\" height=\"534\" data-id=\"52308\" src=\"https:\/\/www.villa-j.fr\/wp-content\/uploads\/2019\/09\/VillaJ_jardin_reception_PAUSE_9646_BD-800x534.jpg\" alt=\"\u00c9v\u00e8nement professionnel \u00e0 Arles\" class=\"wp-image-52308\" srcset=\"https:\/\/www.villa-j.fr\/wp-content\/uploads\/2019\/09\/VillaJ_jardin_reception_PAUSE_9646_BD-800x534.jpg 800w, https:\/\/www.villa-j.fr\/wp-content\/uploads\/2019\/09\/VillaJ_jardin_reception_PAUSE_9646_BD-550x367.jpg 550w, https:\/\/www.villa-j.fr\/wp-content\/uploads\/2019\/09\/VillaJ_jardin_reception_PAUSE_9646_BD-360x240.jpg 360w, https:\/\/www.villa-j.fr\/wp-content\/uploads\/2019\/09\/VillaJ_jardin_reception_PAUSE_9646_BD-768x512.jpg 768w, https:\/\/www.villa-j.fr\/wp-content\/uploads\/2019\/09\/VillaJ_jardin_reception_PAUSE_9646_BD.jpg 1000w\" sizes=\"auto, (max-width: 800px) 100vw, 800px\" \/><\/figure>\n\n\n\n<figure class=\"wp-block-image size-full\"><img loading=\"lazy\" decoding=\"async\" width=\"800\" height=\"533\" data-id=\"51969\" src=\"https:\/\/www.villa-j.fr\/wp-content\/uploads\/2024\/03\/VillaJ-plateauModulable-reunionPleniere.jpg\" alt=\"R\u00e9union pl\u00e9ni\u00e8re Villa J\" class=\"wp-image-51969\" srcset=\"https:\/\/www.villa-j.fr\/wp-content\/uploads\/2024\/03\/VillaJ-plateauModulable-reunionPleniere.jpg 800w, https:\/\/www.villa-j.fr\/wp-content\/uploads\/2024\/03\/VillaJ-plateauModulable-reunionPleniere-550x366.jpg 550w, https:\/\/www.villa-j.fr\/wp-content\/uploads\/2024\/03\/VillaJ-plateauModulable-reunionPleniere-360x240.jpg 360w, https:\/\/www.villa-j.fr\/wp-content\/uploads\/2024\/03\/VillaJ-plateauModulable-reunionPleniere-768x512.jpg 768w\" sizes=\"auto, (max-width: 800px) 100vw, 800px\" \/><\/figure>\n\n\n\n<figure class=\"wp-block-image size-large\"><img loading=\"lazy\" decoding=\"async\" width=\"800\" height=\"471\" data-id=\"51973\" src=\"https:\/\/www.villa-j.fr\/wp-content\/uploads\/2024\/03\/VillaJ-jardin-conference.jpg\" alt=\"Conf\u00e9rence dans le jardin de la Villa J \u00e0 Arles\" class=\"wp-image-51973\" srcset=\"https:\/\/www.villa-j.fr\/wp-content\/uploads\/2024\/03\/VillaJ-jardin-conference.jpg 800w, https:\/\/www.villa-j.fr\/wp-content\/uploads\/2024\/03\/VillaJ-jardin-conference-550x324.jpg 550w, https:\/\/www.villa-j.fr\/wp-content\/uploads\/2024\/03\/VillaJ-jardin-conference-360x212.jpg 360w, https:\/\/www.villa-j.fr\/wp-content\/uploads\/2024\/03\/VillaJ-jardin-conference-768x452.jpg 768w\" sizes=\"auto, (max-width: 800px) 100vw, 800px\" \/><\/figure>\n<\/figure>\n\n\n\n<h2 class=\"wp-block-heading\">An environment conducive to reflection<\/h2>\n\n\n\n<p>Villa J cultivates a unique atmosphere where architectural heritage and modernity meet. This inspiring setting promotes concentration, stimulates creativity and strengthens team cohesion. Away from urban bustle while remaining perfectly connected, this venue offers the ideal balance between productivity and well-being.<\/p>\n\n\n\n<figure class=\"wp-block-gallery has-nested-images columns-default is-cropped wp-block-gallery-2 is-layout-flex wp-block-gallery-is-layout-flex\">\n<figure class=\"wp-block-image size-large\"><img loading=\"lazy\" decoding=\"async\" width=\"800\" height=\"478\" data-id=\"171\" src=\"https:\/\/www.villa-j.fr\/wp-content\/uploads\/2024\/04\/Cafe-autrefois-retouche-BD-800x478.jpg\" alt=\"Pause d\u00e9jeuner professionnelle en ext\u00e9rieur \u00e0 Arles\" class=\"wp-image-171\" srcset=\"https:\/\/www.villa-j.fr\/wp-content\/uploads\/2024\/04\/Cafe-autrefois-retouche-BD-800x478.jpg 800w, https:\/\/www.villa-j.fr\/wp-content\/uploads\/2024\/04\/Cafe-autrefois-retouche-BD-550x329.jpg 550w, https:\/\/www.villa-j.fr\/wp-content\/uploads\/2024\/04\/Cafe-autrefois-retouche-BD-360x215.jpg 360w, https:\/\/www.villa-j.fr\/wp-content\/uploads\/2024\/04\/Cafe-autrefois-retouche-BD-768x459.jpg 768w, https:\/\/www.villa-j.fr\/wp-content\/uploads\/2024\/04\/Cafe-autrefois-retouche-BD.jpg 1000w\" sizes=\"auto, (max-width: 800px) 100vw, 800px\" \/><\/figure>\n\n\n\n<figure class=\"wp-block-image size-large\"><img loading=\"lazy\" decoding=\"async\" width=\"800\" height=\"515\" data-id=\"51967\" src=\"https:\/\/www.villa-j.fr\/wp-content\/uploads\/2024\/03\/VillaJ-salleReunion-grande-8personnes.jpg\" alt=\"R\u00e9union dans la grande salle avec 8 personnes\" class=\"wp-image-51967\" srcset=\"https:\/\/www.villa-j.fr\/wp-content\/uploads\/2024\/03\/VillaJ-salleReunion-grande-8personnes.jpg 800w, https:\/\/www.villa-j.fr\/wp-content\/uploads\/2024\/03\/VillaJ-salleReunion-grande-8personnes-550x354.jpg 550w, https:\/\/www.villa-j.fr\/wp-content\/uploads\/2024\/03\/VillaJ-salleReunion-grande-8personnes-360x232.jpg 360w, https:\/\/www.villa-j.fr\/wp-content\/uploads\/2024\/03\/VillaJ-salleReunion-grande-8personnes-768x494.jpg 768w\" sizes=\"auto, (max-width: 800px) 100vw, 800px\" \/><\/figure>\n<\/figure>\n\n\n<div class=\"encadre-contact \" style=\"text-align:center;\">\n\t<p><b style=\"line-height:normal;\">Want to organize your next seminar at Arles ?<\/b>\n\tContact us to discuss your project and discover how we can create a tailored experience for your teams together.<\/p>\n\t\t<button class=\"bouton-jaune-trait\">  \n\t<a href=\"https:\/\/www.villa-j.fr\/en\/contact-access\/\">Contact us<\/a>\n\t<\/button>\n\t<\/div>","protected":false},"excerpt":{"rendered":"<p>Spaces adapted to your needs Versatile indoor spaces Beyond the meeting rooms, Villa J offers modular spaces that adapt to your program: dining area with equipped kitchenette, circulation spaces promoting informal exchanges, and customizable layout options according to your specific needs. Three modular meeting rooms We provide three meeting spaces that can accommodate 3 to [&hellip;]<\/p>\n","protected":false},"author":1,"featured_media":0,"parent":0,"menu_order":0,"comment_status":"closed","ping_status":"closed","template":"","meta":{"_acf_changed":false,"footnotes":""},"class_list":["post-52645","page","type-page","status-publish","hentry"],"acf":[],"yoast_head":"<!-- This site is optimized with the Yoast SEO plugin v26.9 - https:\/\/yoast.com\/product\/yoast-seo-wordpress\/ -->\n<title>Organize your seminars at Arles - Villa J<\/title>\n<meta name=\"robots\" content=\"index, follow, max-snippet:-1, max-image-preview:large, max-video-preview:-1\" \/>\n<link rel=\"canonical\" href=\"https:\/\/www.villa-j.fr\/en\/organize-your-seminars-at-arles\/\" \/>\n<meta property=\"og:locale\" content=\"en_US\" \/>\n<meta property=\"og:type\" content=\"article\" \/>\n<meta property=\"og:title\" content=\"Organize your seminars at Arles - Villa J\" \/>\n<meta property=\"og:description\" content=\"Spaces adapted to your needs Versatile indoor spaces Beyond the meeting rooms, Villa J offers modular spaces that adapt to your program: dining area with equipped kitchenette, circulation spaces promoting informal exchanges, and customizable layout options according to your specific needs. Three modular meeting rooms We provide three meeting spaces that can accommodate 3 to [&hellip;]\" \/>\n<meta property=\"og:url\" content=\"https:\/\/www.villa-j.fr\/en\/organize-your-seminars-at-arles\/\" \/>\n<meta property=\"og:site_name\" content=\"Villa J\" \/>\n<meta property=\"article:publisher\" content=\"https:\/\/www.facebook.com\/EspaceVillaJ\" \/>\n<meta property=\"article:modified_time\" content=\"2026-02-05T13:44:05+00:00\" \/>\n<meta property=\"og:image\" content=\"https:\/\/www.villa-j.fr\/wp-content\/uploads\/2025\/11\/VillaJ-espaces-MG_0044-retouche-BD_w723.jpg\" \/>\n\t<meta property=\"og:image:width\" content=\"723\" \/>\n\t<meta property=\"og:image:height\" content=\"482\" \/>\n\t<meta property=\"og:image:type\" content=\"image\/jpeg\" \/>\n<meta name=\"twitter:card\" content=\"summary_large_image\" \/>\n<meta name=\"twitter:label1\" content=\"Est. reading time\" \/>\n\t<meta name=\"twitter:data1\" content=\"4 minutes\" \/>\n<!-- \/ Yoast SEO plugin. -->","yoast_head_json":{"title":"Organize your seminars at Arles - Villa J","robots":{"index":"index","follow":"follow","max-snippet":"max-snippet:-1","max-image-preview":"max-image-preview:large","max-video-preview":"max-video-preview:-1"},"canonical":"https:\/\/www.villa-j.fr\/en\/organize-your-seminars-at-arles\/","og_locale":"en_US","og_type":"article","og_title":"Organize your seminars at Arles - Villa J","og_description":"Spaces adapted to your needs Versatile indoor spaces Beyond the meeting rooms, Villa J offers modular spaces that adapt to your program: dining area with equipped kitchenette, circulation spaces promoting informal exchanges, and customizable layout options according to your specific needs. Three modular meeting rooms We provide three meeting spaces that can accommodate 3 to [&hellip;]","og_url":"https:\/\/www.villa-j.fr\/en\/organize-your-seminars-at-arles\/","og_site_name":"Villa J","article_publisher":"https:\/\/www.facebook.com\/EspaceVillaJ","article_modified_time":"2026-02-05T13:44:05+00:00","og_image":[{"width":723,"height":482,"url":"https:\/\/www.villa-j.fr\/wp-content\/uploads\/2025\/11\/VillaJ-espaces-MG_0044-retouche-BD_w723.jpg","type":"image\/jpeg"}],"twitter_card":"summary_large_image","twitter_misc":{"Est. reading time":"4 minutes"},"schema":{"@context":"https:\/\/schema.org","@graph":[{"@type":"WebPage","@id":"https:\/\/www.villa-j.fr\/en\/organize-your-seminars-at-arles\/","url":"https:\/\/www.villa-j.fr\/en\/organize-your-seminars-at-arles\/","name":"Organize your seminars at Arles - Villa J","isPartOf":{"@id":"https:\/\/www.villa-j.fr\/en\/#website"},"primaryImageOfPage":{"@id":"https:\/\/www.villa-j.fr\/en\/organize-your-seminars-at-arles\/#primaryimage"},"image":{"@id":"https:\/\/www.villa-j.fr\/en\/organize-your-seminars-at-arles\/#primaryimage"},"thumbnailUrl":"https:\/\/www.villa-j.fr\/wp-content\/uploads\/2025\/11\/VillaJ-espaces-MG_0044-retouche-BD_w723.jpg","datePublished":"2026-01-22T09:32:16+00:00","dateModified":"2026-02-05T13:44:05+00:00","breadcrumb":{"@id":"https:\/\/www.villa-j.fr\/en\/organize-your-seminars-at-arles\/#breadcrumb"},"inLanguage":"en-US","potentialAction":[{"@type":"ReadAction","target":["https:\/\/www.villa-j.fr\/en\/organize-your-seminars-at-arles\/"]}]},{"@type":"ImageObject","inLanguage":"en-US","@id":"https:\/\/www.villa-j.fr\/en\/organize-your-seminars-at-arles\/#primaryimage","url":"https:\/\/www.villa-j.fr\/wp-content\/uploads\/2025\/11\/VillaJ-espaces-MG_0044-retouche-BD_w723.jpg","contentUrl":"https:\/\/www.villa-j.fr\/wp-content\/uploads\/2025\/11\/VillaJ-espaces-MG_0044-retouche-BD_w723.jpg"},{"@type":"BreadcrumbList","@id":"https:\/\/www.villa-j.fr\/en\/organize-your-seminars-at-arles\/#breadcrumb","itemListElement":[{"@type":"ListItem","position":1,"name":"Accueil","item":"https:\/\/www.villa-j.fr\/en\/"},{"@type":"ListItem","position":2,"name":"Organize your seminars at Arles"}]},{"@type":"WebSite","@id":"https:\/\/www.villa-j.fr\/en\/#website","url":"https:\/\/www.villa-j.fr\/en\/","name":"Villa J","description":"Un lieu pour vos formations, s\u00e9minaires, coworking, r\u00e9unions profesionnelles, \u00e9v\u00e8nements culturels et expositions \u00e0 Arles","publisher":{"@id":"https:\/\/www.villa-j.fr\/en\/#organization"},"potentialAction":[{"@type":"SearchAction","target":{"@type":"EntryPoint","urlTemplate":"https:\/\/www.villa-j.fr\/en\/?s={search_term_string}"},"query-input":{"@type":"PropertyValueSpecification","valueRequired":true,"valueName":"search_term_string"}}],"inLanguage":"en-US"},{"@type":"Organization","@id":"https:\/\/www.villa-j.fr\/en\/#organization","name":"Villa J","url":"https:\/\/www.villa-j.fr\/en\/","logo":{"@type":"ImageObject","inLanguage":"en-US","@id":"https:\/\/www.villa-j.fr\/en\/#\/schema\/logo\/image\/","url":"https:\/\/www.villa-j.fr\/wp-content\/uploads\/2025\/07\/favicon.png","contentUrl":"https:\/\/www.villa-j.fr\/wp-content\/uploads\/2025\/07\/favicon.png","width":1067,"height":1067,"caption":"Villa J"},"image":{"@id":"https:\/\/www.villa-j.fr\/en\/#\/schema\/logo\/image\/"},"sameAs":["https:\/\/www.facebook.com\/EspaceVillaJ"]}]}},"_links":{"self":[{"href":"https:\/\/www.villa-j.fr\/en\/wp-json\/wp\/v2\/pages\/52645","targetHints":{"allow":["GET"]}}],"collection":[{"href":"https:\/\/www.villa-j.fr\/en\/wp-json\/wp\/v2\/pages"}],"about":[{"href":"https:\/\/www.villa-j.fr\/en\/wp-json\/wp\/v2\/types\/page"}],"author":[{"embeddable":true,"href":"https:\/\/www.villa-j.fr\/en\/wp-json\/wp\/v2\/users\/1"}],"replies":[{"embeddable":true,"href":"https:\/\/www.villa-j.fr\/en\/wp-json\/wp\/v2\/comments?post=52645"}],"version-history":[{"count":5,"href":"https:\/\/www.villa-j.fr\/en\/wp-json\/wp\/v2\/pages\/52645\/revisions"}],"predecessor-version":[{"id":52860,"href":"https:\/\/www.villa-j.fr\/en\/wp-json\/wp\/v2\/pages\/52645\/revisions\/52860"}],"wp:attachment":[{"href":"https:\/\/www.villa-j.fr\/en\/wp-json\/wp\/v2\/media?parent=52645"}],"curies":[{"name":"wp","href":"https:\/\/api.w.org\/{rel}","templated":true}]}}