{"id":52357,"date":"2024-03-27T11:13:05","date_gmt":"2024-03-27T11:13:05","guid":{"rendered":"https:\/\/www.villa-j.fr\/?page_id=52357"},"modified":"2026-02-05T13:37:30","modified_gmt":"2026-02-05T13:37:30","slug":"space-rental-for-cultural-events","status":"publish","type":"page","link":"https:\/\/www.villa-j.fr\/en\/space-rental-for-cultural-events\/","title":{"rendered":"Space rental"},"content":{"rendered":"\n<div class=\"chapo\">\n\tVilla J reinvents itself according to your desires, faithful to its creative soul. From the modular indoor space to the landscaped garden, imagine your event in a unique setting that adapts to your vision, whether professional or cultural.<\/div>\n\n\n\n<div class=\"wp-block-media-text is-stacked-on-mobile\"><figure class=\"wp-block-media-text__media\"><img loading=\"lazy\" decoding=\"async\" width=\"735\" height=\"1000\" src=\"https:\/\/www.villa-j.fr\/wp-content\/uploads\/2025\/07\/VillaJ_jardin_conferenceSuds_0985.jpg\" alt=\"Salon de musique des Suds \u00e0 Arles dans le jardin de la Villa J\" class=\"wp-image-52075 size-full\" srcset=\"https:\/\/www.villa-j.fr\/wp-content\/uploads\/2025\/07\/VillaJ_jardin_conferenceSuds_0985.jpg 735w, https:\/\/www.villa-j.fr\/wp-content\/uploads\/2025\/07\/VillaJ_jardin_conferenceSuds_0985-404x550.jpg 404w, https:\/\/www.villa-j.fr\/wp-content\/uploads\/2025\/07\/VillaJ_jardin_conferenceSuds_0985-588x800.jpg 588w, https:\/\/www.villa-j.fr\/wp-content\/uploads\/2025\/07\/VillaJ_jardin_conferenceSuds_0985-265x360.jpg 265w\" sizes=\"auto, (max-width: 735px) 100vw, 735px\" \/><\/figure><div class=\"wp-block-media-text__content\">\n<h2 class=\"wp-block-heading\">A flexible space for all your projects<\/h2>\n\n\n\n<p>Villa J offers you an <strong>authentic and intimate setting that can be fully privatized<\/strong> for your <strong>professional<\/strong> (<a href=\"https:\/\/www.villa-j.fr\/en\/coworking-and-work-meetings-in-arles\/\">meetings<\/a>, <a href=\"https:\/\/www.villa-j.fr\/en\/organize-your-seminars-at-arles\/\">seminars<\/a>, <a href=\"https:\/\/www.villa-j.fr\/en\/organisez-vos-formations-professionnelles-a-la-villa-j\/\">training<\/a>\u2026) <strong>or cultural events<\/strong> (exhibitions, conferences, workshops\u2026). This architect-designed villa provides flexible spaces perfectly adapted to your needs: a <strong>70 m\u00b2 open space<\/strong> that can accommodate up to 40 people depending on the chosen configuration, equipped with a video projector for your presentations. This space easily transforms into an <strong>exhibition hall<\/strong>, <strong>conference room<\/strong> or <strong>training facility<\/strong>. Two intimate meeting rooms for 4 and 8 people complete the offer, accompanied by a lunch area with an equipped kitchenette.<\/p>\n\n\n\n<p>The <strong>350 m\u00b2 landscaped garden<\/strong> is a major asset, offering a unique bucolic setting for your outdoor events or relaxation moments between colleagues.<\/p>\n\n\n\n<p>Whether you&#8217;re organizing strategic meetings, training sessions, showrooms, creative workshops or wish to be present during major Arles events, <strong>Villa J adapts to all your projects with elegance and functionality<\/strong>.<\/p>\n<\/div><\/div>\n\n\n\n<figure class=\"wp-block-pullquote\"><blockquote><p>Flexible spaces and landscaped garden: Villa J reinvents itself according to your desires, faithful to its creative soul.<\/p><\/blockquote><\/figure>\n\n\n\n<div style=\"height:40px\" aria-hidden=\"true\" class=\"wp-block-spacer\"><\/div>\n\n\n\n<figure class=\"wp-block-gallery has-nested-images columns-default is-cropped wp-block-gallery-1 is-layout-flex wp-block-gallery-is-layout-flex\">\n<figure class=\"wp-block-image size-large\"><img loading=\"lazy\" decoding=\"async\" width=\"1000\" height=\"692\" data-id=\"51237\" src=\"https:\/\/www.villa-j.fr\/wp-content\/uploads\/2015\/06\/Event-cafeAutrefois.jpg\" alt=\"\" class=\"wp-image-51237\" srcset=\"https:\/\/www.villa-j.fr\/wp-content\/uploads\/2015\/06\/Event-cafeAutrefois.jpg 1000w, https:\/\/www.villa-j.fr\/wp-content\/uploads\/2015\/06\/Event-cafeAutrefois-550x381.jpg 550w, https:\/\/www.villa-j.fr\/wp-content\/uploads\/2015\/06\/Event-cafeAutrefois-800x554.jpg 800w, https:\/\/www.villa-j.fr\/wp-content\/uploads\/2015\/06\/Event-cafeAutrefois-360x249.jpg 360w, https:\/\/www.villa-j.fr\/wp-content\/uploads\/2015\/06\/Event-cafeAutrefois-768x531.jpg 768w\" sizes=\"auto, (max-width: 1000px) 100vw, 1000px\" \/><\/figure>\n\n\n\n<figure class=\"wp-block-image size-large\"><img loading=\"lazy\" decoding=\"async\" width=\"1000\" height=\"632\" data-id=\"51853\" src=\"https:\/\/www.villa-j.fr\/wp-content\/uploads\/2021\/09\/AnneMolines-expoVillaJ-20210906_094336-bd.jpg\" alt=\"\" class=\"wp-image-51853\" srcset=\"https:\/\/www.villa-j.fr\/wp-content\/uploads\/2021\/09\/AnneMolines-expoVillaJ-20210906_094336-bd.jpg 1000w, https:\/\/www.villa-j.fr\/wp-content\/uploads\/2021\/09\/AnneMolines-expoVillaJ-20210906_094336-bd-550x348.jpg 550w, https:\/\/www.villa-j.fr\/wp-content\/uploads\/2021\/09\/AnneMolines-expoVillaJ-20210906_094336-bd-800x506.jpg 800w, https:\/\/www.villa-j.fr\/wp-content\/uploads\/2021\/09\/AnneMolines-expoVillaJ-20210906_094336-bd-360x228.jpg 360w, https:\/\/www.villa-j.fr\/wp-content\/uploads\/2021\/09\/AnneMolines-expoVillaJ-20210906_094336-bd-768x485.jpg 768w\" sizes=\"auto, (max-width: 1000px) 100vw, 1000px\" \/><\/figure>\n\n\n\n<figure class=\"wp-block-image size-full\"><img loading=\"lazy\" decoding=\"async\" width=\"1000\" height=\"581\" data-id=\"52341\" src=\"https:\/\/www.villa-j.fr\/wp-content\/uploads\/2025\/07\/VillaJ-plateauModulable-reunionPleniere-2.jpg\" alt=\"\" class=\"wp-image-52341\" srcset=\"https:\/\/www.villa-j.fr\/wp-content\/uploads\/2025\/07\/VillaJ-plateauModulable-reunionPleniere-2.jpg 1000w, https:\/\/www.villa-j.fr\/wp-content\/uploads\/2025\/07\/VillaJ-plateauModulable-reunionPleniere-2-550x320.jpg 550w, https:\/\/www.villa-j.fr\/wp-content\/uploads\/2025\/07\/VillaJ-plateauModulable-reunionPleniere-2-800x465.jpg 800w, https:\/\/www.villa-j.fr\/wp-content\/uploads\/2025\/07\/VillaJ-plateauModulable-reunionPleniere-2-360x209.jpg 360w, https:\/\/www.villa-j.fr\/wp-content\/uploads\/2025\/07\/VillaJ-plateauModulable-reunionPleniere-2-768x446.jpg 768w\" sizes=\"auto, (max-width: 1000px) 100vw, 1000px\" \/><\/figure>\n\n\n\n<figure class=\"wp-block-image size-full\"><img loading=\"lazy\" decoding=\"async\" width=\"800\" height=\"533\" data-id=\"51768\" src=\"https:\/\/www.villa-j.fr\/wp-content\/uploads\/2020\/07\/SudsSalons2019_MG_4388-BD.jpg\" alt=\"\" class=\"wp-image-51768\" srcset=\"https:\/\/www.villa-j.fr\/wp-content\/uploads\/2020\/07\/SudsSalons2019_MG_4388-BD.jpg 800w, https:\/\/www.villa-j.fr\/wp-content\/uploads\/2020\/07\/SudsSalons2019_MG_4388-BD-550x366.jpg 550w, https:\/\/www.villa-j.fr\/wp-content\/uploads\/2020\/07\/SudsSalons2019_MG_4388-BD-360x240.jpg 360w, https:\/\/www.villa-j.fr\/wp-content\/uploads\/2020\/07\/SudsSalons2019_MG_4388-BD-768x512.jpg 768w\" sizes=\"auto, (max-width: 800px) 100vw, 800px\" \/><\/figure>\n\n\n\n<figure class=\"wp-block-image size-large\"><img loading=\"lazy\" decoding=\"async\" width=\"1000\" height=\"667\" data-id=\"52056\" src=\"https:\/\/www.villa-j.fr\/wp-content\/uploads\/2025\/07\/VillaJ_expositionJardin_UrsulaHanes_9407.jpg\" alt=\"\" class=\"wp-image-52056\" srcset=\"https:\/\/www.villa-j.fr\/wp-content\/uploads\/2025\/07\/VillaJ_expositionJardin_UrsulaHanes_9407.jpg 1000w, https:\/\/www.villa-j.fr\/wp-content\/uploads\/2025\/07\/VillaJ_expositionJardin_UrsulaHanes_9407-550x367.jpg 550w, https:\/\/www.villa-j.fr\/wp-content\/uploads\/2025\/07\/VillaJ_expositionJardin_UrsulaHanes_9407-800x534.jpg 800w, https:\/\/www.villa-j.fr\/wp-content\/uploads\/2025\/07\/VillaJ_expositionJardin_UrsulaHanes_9407-360x240.jpg 360w, https:\/\/www.villa-j.fr\/wp-content\/uploads\/2025\/07\/VillaJ_expositionJardin_UrsulaHanes_9407-768x512.jpg 768w\" sizes=\"auto, (max-width: 1000px) 100vw, 1000px\" \/><\/figure>\n<\/figure>\n\n\n\n<div style=\"height:40px\" aria-hidden=\"true\" class=\"wp-block-spacer\"><\/div>\n\n\n\n<div class=\"wp-block-media-text has-media-on-the-right is-stacked-on-mobile\" style=\"grid-template-columns:auto 40%\"><div class=\"wp-block-media-text__content\">\n<h2 class=\"wp-block-heading\"><strong>Tailored services and personalized support<\/strong><\/h2>\n\n\n\n<p>Beyond providing spaces, Villa J supports the success of your events through a <strong>complementary service offer<\/strong> designed for your comfort: <strong>lunch box delivery or on-site catering service<\/strong>, <strong>turnkey organization of indoor-outdoor events<\/strong> including catering, <strong>space arrangement<\/strong> and <strong>cultural programming<\/strong>.<\/p>\n\n\n\n<p>The <strong>immediate proximity of quality restaurants<\/strong> further enriches your culinary possibilities. Thanks to our specialized partners, we also offer <strong>facilitation of brainstorming sessions<\/strong>, training and work workshops around communication and creativity.<\/p>\n\n\n\n<p>Our team remains at your service to design your special moments together and create <strong>unique experiences in this exceptional place in the heart of Arles<\/strong>.<\/p>\n<\/div><figure class=\"wp-block-media-text__media\"><img loading=\"lazy\" decoding=\"async\" width=\"533\" height=\"799\" src=\"https:\/\/www.villa-j.fr\/wp-content\/uploads\/2025\/07\/VillaJ-prestation-traiteur.jpg\" alt=\"\" class=\"wp-image-52009 size-full\" srcset=\"https:\/\/www.villa-j.fr\/wp-content\/uploads\/2025\/07\/VillaJ-prestation-traiteur.jpg 533w, https:\/\/www.villa-j.fr\/wp-content\/uploads\/2025\/07\/VillaJ-prestation-traiteur-367x550.jpg 367w, https:\/\/www.villa-j.fr\/wp-content\/uploads\/2025\/07\/VillaJ-prestation-traiteur-240x360.jpg 240w\" sizes=\"auto, (max-width: 533px) 100vw, 533px\" \/><\/figure><\/div>\n","protected":false},"excerpt":{"rendered":"<p>A flexible space for all your projects Villa J offers you an authentic and intimate setting that can be fully privatized for your professional (meetings, seminars, training\u2026) or cultural events (exhibitions, conferences, workshops\u2026). This architect-designed villa provides flexible spaces perfectly adapted to your needs: a 70 m\u00b2 open space that can accommodate up to 40 [&hellip;]<\/p>\n","protected":false},"author":1,"featured_media":0,"parent":0,"menu_order":0,"comment_status":"closed","ping_status":"closed","template":"","meta":{"_acf_changed":false,"footnotes":""},"class_list":["post-52357","page","type-page","status-publish","hentry"],"acf":[],"yoast_head":"<!-- This site is optimized with the Yoast SEO plugin v26.9 - https:\/\/yoast.com\/product\/yoast-seo-wordpress\/ -->\n<title>Cultural or professional space rental in Arles - Villa J<\/title>\n<meta name=\"description\" content=\"Indoor and outdoor space in the heart of Arles, fully privatizable for your professional and cultural events: conferences, exhibitions, workshops, training...\" \/>\n<meta name=\"robots\" content=\"index, follow, max-snippet:-1, max-image-preview:large, max-video-preview:-1\" \/>\n<link rel=\"canonical\" href=\"https:\/\/www.villa-j.fr\/en\/space-rental-for-cultural-events\/\" \/>\n<meta property=\"og:locale\" content=\"en_US\" \/>\n<meta property=\"og:type\" content=\"article\" \/>\n<meta property=\"og:title\" content=\"Cultural or professional space rental in Arles - Villa J\" \/>\n<meta property=\"og:description\" content=\"Indoor and outdoor space in the heart of Arles, fully privatizable for your professional and cultural events: conferences, exhibitions, workshops, training...\" \/>\n<meta property=\"og:url\" content=\"https:\/\/www.villa-j.fr\/en\/space-rental-for-cultural-events\/\" \/>\n<meta property=\"og:site_name\" content=\"Villa J\" \/>\n<meta property=\"article:publisher\" content=\"https:\/\/www.facebook.com\/EspaceVillaJ\" \/>\n<meta property=\"article:modified_time\" content=\"2026-02-05T13:37:30+00:00\" \/>\n<meta property=\"og:image\" content=\"https:\/\/www.villa-j.fr\/wp-content\/uploads\/2025\/07\/VillaJ_jardin_conferenceSuds_0985.jpg\" \/>\n\t<meta property=\"og:image:width\" content=\"735\" \/>\n\t<meta property=\"og:image:height\" content=\"1000\" \/>\n\t<meta property=\"og:image:type\" content=\"image\/jpeg\" \/>\n<meta name=\"twitter:card\" content=\"summary_large_image\" \/>\n<meta name=\"twitter:label1\" content=\"Est. reading time\" \/>\n\t<meta name=\"twitter:data1\" content=\"3 minutes\" \/>\n<!-- \/ Yoast SEO plugin. -->","yoast_head_json":{"title":"Cultural or professional space rental in Arles - Villa J","description":"Indoor and outdoor space in the heart of Arles, fully privatizable for your professional and cultural events: conferences, exhibitions, workshops, training...","robots":{"index":"index","follow":"follow","max-snippet":"max-snippet:-1","max-image-preview":"max-image-preview:large","max-video-preview":"max-video-preview:-1"},"canonical":"https:\/\/www.villa-j.fr\/en\/space-rental-for-cultural-events\/","og_locale":"en_US","og_type":"article","og_title":"Cultural or professional space rental in Arles - Villa J","og_description":"Indoor and outdoor space in the heart of Arles, fully privatizable for your professional and cultural events: conferences, exhibitions, workshops, training...","og_url":"https:\/\/www.villa-j.fr\/en\/space-rental-for-cultural-events\/","og_site_name":"Villa J","article_publisher":"https:\/\/www.facebook.com\/EspaceVillaJ","article_modified_time":"2026-02-05T13:37:30+00:00","og_image":[{"width":735,"height":1000,"url":"https:\/\/www.villa-j.fr\/wp-content\/uploads\/2025\/07\/VillaJ_jardin_conferenceSuds_0985.jpg","type":"image\/jpeg"}],"twitter_card":"summary_large_image","twitter_misc":{"Est. reading time":"3 minutes"},"schema":{"@context":"https:\/\/schema.org","@graph":[{"@type":"WebPage","@id":"https:\/\/www.villa-j.fr\/en\/space-rental-for-cultural-events\/","url":"https:\/\/www.villa-j.fr\/en\/space-rental-for-cultural-events\/","name":"Cultural or professional space rental in Arles - Villa J","isPartOf":{"@id":"https:\/\/www.villa-j.fr\/en\/#website"},"primaryImageOfPage":{"@id":"https:\/\/www.villa-j.fr\/en\/space-rental-for-cultural-events\/#primaryimage"},"image":{"@id":"https:\/\/www.villa-j.fr\/en\/space-rental-for-cultural-events\/#primaryimage"},"thumbnailUrl":"https:\/\/www.villa-j.fr\/wp-content\/uploads\/2025\/07\/VillaJ_jardin_conferenceSuds_0985.jpg","datePublished":"2024-03-27T11:13:05+00:00","dateModified":"2026-02-05T13:37:30+00:00","description":"Indoor and outdoor space in the heart of Arles, fully privatizable for your professional and cultural events: conferences, exhibitions, workshops, training...","breadcrumb":{"@id":"https:\/\/www.villa-j.fr\/en\/space-rental-for-cultural-events\/#breadcrumb"},"inLanguage":"en-US","potentialAction":[{"@type":"ReadAction","target":["https:\/\/www.villa-j.fr\/en\/space-rental-for-cultural-events\/"]}]},{"@type":"ImageObject","inLanguage":"en-US","@id":"https:\/\/www.villa-j.fr\/en\/space-rental-for-cultural-events\/#primaryimage","url":"https:\/\/www.villa-j.fr\/wp-content\/uploads\/2025\/07\/VillaJ_jardin_conferenceSuds_0985.jpg","contentUrl":"https:\/\/www.villa-j.fr\/wp-content\/uploads\/2025\/07\/VillaJ_jardin_conferenceSuds_0985.jpg"},{"@type":"BreadcrumbList","@id":"https:\/\/www.villa-j.fr\/en\/space-rental-for-cultural-events\/#breadcrumb","itemListElement":[{"@type":"ListItem","position":1,"name":"Accueil","item":"https:\/\/www.villa-j.fr\/en\/"},{"@type":"ListItem","position":2,"name":"Space rental"}]},{"@type":"WebSite","@id":"https:\/\/www.villa-j.fr\/en\/#website","url":"https:\/\/www.villa-j.fr\/en\/","name":"Villa J","description":"Un lieu pour vos formations, s\u00e9minaires, coworking, r\u00e9unions profesionnelles, \u00e9v\u00e8nements culturels et expositions \u00e0 Arles","publisher":{"@id":"https:\/\/www.villa-j.fr\/en\/#organization"},"potentialAction":[{"@type":"SearchAction","target":{"@type":"EntryPoint","urlTemplate":"https:\/\/www.villa-j.fr\/en\/?s={search_term_string}"},"query-input":{"@type":"PropertyValueSpecification","valueRequired":true,"valueName":"search_term_string"}}],"inLanguage":"en-US"},{"@type":"Organization","@id":"https:\/\/www.villa-j.fr\/en\/#organization","name":"Villa J","url":"https:\/\/www.villa-j.fr\/en\/","logo":{"@type":"ImageObject","inLanguage":"en-US","@id":"https:\/\/www.villa-j.fr\/en\/#\/schema\/logo\/image\/","url":"https:\/\/www.villa-j.fr\/wp-content\/uploads\/2025\/07\/favicon.png","contentUrl":"https:\/\/www.villa-j.fr\/wp-content\/uploads\/2025\/07\/favicon.png","width":1067,"height":1067,"caption":"Villa J"},"image":{"@id":"https:\/\/www.villa-j.fr\/en\/#\/schema\/logo\/image\/"},"sameAs":["https:\/\/www.facebook.com\/EspaceVillaJ"]}]}},"_links":{"self":[{"href":"https:\/\/www.villa-j.fr\/en\/wp-json\/wp\/v2\/pages\/52357","targetHints":{"allow":["GET"]}}],"collection":[{"href":"https:\/\/www.villa-j.fr\/en\/wp-json\/wp\/v2\/pages"}],"about":[{"href":"https:\/\/www.villa-j.fr\/en\/wp-json\/wp\/v2\/types\/page"}],"author":[{"embeddable":true,"href":"https:\/\/www.villa-j.fr\/en\/wp-json\/wp\/v2\/users\/1"}],"replies":[{"embeddable":true,"href":"https:\/\/www.villa-j.fr\/en\/wp-json\/wp\/v2\/comments?post=52357"}],"version-history":[{"count":9,"href":"https:\/\/www.villa-j.fr\/en\/wp-json\/wp\/v2\/pages\/52357\/revisions"}],"predecessor-version":[{"id":52854,"href":"https:\/\/www.villa-j.fr\/en\/wp-json\/wp\/v2\/pages\/52357\/revisions\/52854"}],"wp:attachment":[{"href":"https:\/\/www.villa-j.fr\/en\/wp-json\/wp\/v2\/media?parent=52357"}],"curies":[{"name":"wp","href":"https:\/\/api.w.org\/{rel}","templated":true}]}}