{"id":51942,"date":"2020-07-09T13:18:59","date_gmt":"2020-07-09T13:18:59","guid":{"rendered":"https:\/\/www.villa-j.fr\/evenements\/les-salons-de-musique-du-festival-les-suds-2020\/"},"modified":"2025-07-29T08:47:43","modified_gmt":"2025-07-29T08:47:43","slug":"les-salons-de-musique-du-festival-les-suds-2020","status":"publish","type":"evenement","link":"https:\/\/www.villa-j.fr\/en\/evenements\/les-salons-de-musique-du-festival-les-suds-2020\/","title":{"rendered":"Les salons de musique du festival Les Suds 2020"},"content":{"rendered":"\n<div class=\"wp-block-media-text is-stacked-on-mobile\"><figure class=\"wp-block-media-text__media\"><img loading=\"lazy\" decoding=\"async\" width=\"800\" height=\"533\" src=\"https:\/\/www.villa-j.fr\/wp-content\/uploads\/2020\/07\/SudsSalons2019_MG_4388-BD.jpg\" alt=\"\" class=\"wp-image-52239 size-full\" srcset=\"https:\/\/www.villa-j.fr\/wp-content\/uploads\/2020\/07\/SudsSalons2019_MG_4388-BD.jpg 800w, https:\/\/www.villa-j.fr\/wp-content\/uploads\/2020\/07\/SudsSalons2019_MG_4388-BD-550x366.jpg 550w, https:\/\/www.villa-j.fr\/wp-content\/uploads\/2020\/07\/SudsSalons2019_MG_4388-BD-360x240.jpg 360w, https:\/\/www.villa-j.fr\/wp-content\/uploads\/2020\/07\/SudsSalons2019_MG_4388-BD-768x512.jpg 768w\" sizes=\"auto, (max-width: 800px) 100vw, 800px\" \/><\/figure><div class=\"wp-block-media-text__content\">\n<p><strong>Depuis quelques ann\u00e9es, la Villa J accueille les Suds, festival de musiques du monde, pour des salons de musique dans le jardin. Chaque ann\u00e9e, des&nbsp;journalistes sp\u00e9cialistes des musiques du monde interviewent les musiciens du festival. Mais \u00e0 \u00e9dition exceptionnelle, moment exceptionnel&nbsp;! Cette ann\u00e9e les r\u00f4les seront invers\u00e9s\u2026<\/strong><\/p>\n\n\n\n<p>Retrouvez les salons de musique les 16, 17 et 18 juillet \u00e0 16h30 dans le jardin de la Villa J.<br>Nombre de places limit\u00e9 \u00e0 50. Pas de r\u00e9servation.<\/p>\n<\/div><\/div>\n\n\n\n<div style=\"height:40px\" aria-hidden=\"true\" class=\"wp-block-spacer\"><\/div>\n\n\n\n<h2 class=\"wp-block-heading\">Jeudi 16 juillet : PATRICK LABESSE &amp; MANU TH\u00c9RON<\/h2>\n\n\n\n<p>Journaliste pour Le Monde,&nbsp;Patrick Labesse&nbsp;est \u00e9galement programmateur au Rocher de Palmer \u00e0 Cenon, o\u00f9 il anime des siestes musicales, offrant une (re)d\u00e9couverte de l\u2019histoire et de la modernit\u00e9 musicale de territoires au son des musiques du monde. Avec curiosit\u00e9, humilit\u00e9 et passion, il interviewe chaque ann\u00e9e les musiciens du festival\u2026 \u00c0 son tour de se livrer au jeu des questions de&nbsp;Manu Th\u00e9ron.<\/p>\n\n\n\n<h2 class=\"wp-block-heading\">Vendredi 17 juillet : FRAN\u00c7OISE DEGEORGES &amp; VINCENT SEGAL<\/h2>\n\n\n\n<p>Productrice de l\u2019\u00e9mission&nbsp;Ocora \u2013 Couleur du Monde&nbsp;sur France Musique,&nbsp;Fran\u00e7oise Degeorges&nbsp;interviewe les musiciens du festival, avec ce don d\u2019en extraire les plus pr\u00e9cieuses paroles\u2026 Le temps de ce Salon particulier, elle passe de l\u2019autre c\u00f4t\u00e9 du micro pour se livrer, le temps d&#8217;une parenth\u00e8se de culture musicale, \u00e0&nbsp;Vincent Segal.<\/p>\n\n\n\n<h2 class=\"wp-block-heading\">Samedi 18 juillet : LA RENCONTRE MEDIAPART AVEC EDWY PLENEL<\/h2>\n\n\n\n<p>&#8220;Le racisme nous \u00e9touffe, emp\u00eachant la soci\u00e9t\u00e9 de respirer, de s\u2019\u00e9panouir, d\u2019avancer. Sa diffusion, sa contagion, son expression nous concernent toutes et tous, que nous en soyons victimes ou non. Car le racisme est une machine de guerre contre l\u2019affirmation autonome de la vitalit\u00e9 populaire, le cheval de Troie de sa d\u00e9possession et de sa soumission.<br>En jetant en p\u00e2ture des boucs \u00e9missaires, en accoutumant aux discriminations, en autorisant des violences, il r\u00e9pand le poison d\u2019une in\u00e9galit\u00e9 naturelle, li\u00e9e \u00e0 l\u2019apparence ou \u00e0 l\u2019origine. Et, d\u00e8s lors, il l\u00e9gitime une remise en cause g\u00e9n\u00e9rale de l\u2019\u00e9galit\u00e9 des droits. Toute tol\u00e9rance envers le racisme est donc un pas de plus vers la catastrophe. Toute acceptation, silence, indiff\u00e9rence, minimisation, n\u00e9gation des crimes racistes, et d\u2019autant plus quand ils sont commis par des repr\u00e9sentants de la loi et de l\u2019ordre, pr\u00e9cipite l\u2019av\u00e8nement de pouvoirs autoritaires, remettant en cause les libert\u00e9s et les droits fondamentaux. Loin d\u2019\u00eatre un combat annexe des enjeux d\u00e9mocratiques, sociaux ou \u00e9cologiques, l\u2019antiracisme en est le ressort universel car il proclame le refus intraitable des id\u00e9ologies in\u00e9galitaires.&#8221; E.Plenel<\/p>\n","protected":false},"featured_media":51764,"template":"","type_d_evenement":[6],"class_list":["post-51942","evenement","type-evenement","status-publish","has-post-thumbnail","hentry","type_d_evenement-rencontre"],"acf":[],"yoast_head":"<!-- This site is optimized with the Yoast SEO plugin v26.9 - https:\/\/yoast.com\/product\/yoast-seo-wordpress\/ -->\n<title>Les salons de musique du festival Les Suds 2020 - Villa J<\/title>\n<meta name=\"robots\" content=\"index, follow, max-snippet:-1, max-image-preview:large, max-video-preview:-1\" \/>\n<link rel=\"canonical\" href=\"https:\/\/www.villa-j.fr\/en\/evenements\/les-salons-de-musique-du-festival-les-suds-2020\/\" \/>\n<meta property=\"og:locale\" content=\"en_US\" \/>\n<meta property=\"og:type\" content=\"article\" \/>\n<meta property=\"og:title\" content=\"Les salons de musique du festival Les Suds 2020 - Villa J\" \/>\n<meta property=\"og:description\" content=\"Depuis quelques ann\u00e9es, la Villa J accueille les Suds, festival de musiques du monde, pour des salons de musique dans le jardin. Chaque ann\u00e9e, des&nbsp;journalistes sp\u00e9cialistes des musiques du monde interviewent les musiciens du festival. Mais \u00e0 \u00e9dition exceptionnelle, moment exceptionnel&nbsp;! Cette ann\u00e9e les r\u00f4les seront invers\u00e9s\u2026 Retrouvez les salons de musique les 16, 17 [&hellip;]\" \/>\n<meta property=\"og:url\" content=\"https:\/\/www.villa-j.fr\/en\/evenements\/les-salons-de-musique-du-festival-les-suds-2020\/\" \/>\n<meta property=\"og:site_name\" content=\"Villa J\" \/>\n<meta property=\"article:publisher\" content=\"https:\/\/www.facebook.com\/EspaceVillaJ\" \/>\n<meta property=\"article:modified_time\" content=\"2025-07-29T08:47:43+00:00\" \/>\n<meta property=\"og:image\" content=\"https:\/\/www.villa-j.fr\/wp-content\/uploads\/2020\/07\/sudsArles.png\" \/>\n\t<meta property=\"og:image:width\" content=\"593\" \/>\n\t<meta property=\"og:image:height\" content=\"378\" \/>\n\t<meta property=\"og:image:type\" content=\"image\/png\" \/>\n<meta name=\"twitter:card\" content=\"summary_large_image\" \/>\n<meta name=\"twitter:label1\" content=\"Est. reading time\" \/>\n\t<meta name=\"twitter:data1\" content=\"3 minutes\" \/>\n<!-- \/ Yoast SEO plugin. -->","yoast_head_json":{"title":"Les salons de musique du festival Les Suds 2020 - Villa J","robots":{"index":"index","follow":"follow","max-snippet":"max-snippet:-1","max-image-preview":"max-image-preview:large","max-video-preview":"max-video-preview:-1"},"canonical":"https:\/\/www.villa-j.fr\/en\/evenements\/les-salons-de-musique-du-festival-les-suds-2020\/","og_locale":"en_US","og_type":"article","og_title":"Les salons de musique du festival Les Suds 2020 - Villa J","og_description":"Depuis quelques ann\u00e9es, la Villa J accueille les Suds, festival de musiques du monde, pour des salons de musique dans le jardin. Chaque ann\u00e9e, des&nbsp;journalistes sp\u00e9cialistes des musiques du monde interviewent les musiciens du festival. Mais \u00e0 \u00e9dition exceptionnelle, moment exceptionnel&nbsp;! Cette ann\u00e9e les r\u00f4les seront invers\u00e9s\u2026 Retrouvez les salons de musique les 16, 17 [&hellip;]","og_url":"https:\/\/www.villa-j.fr\/en\/evenements\/les-salons-de-musique-du-festival-les-suds-2020\/","og_site_name":"Villa J","article_publisher":"https:\/\/www.facebook.com\/EspaceVillaJ","article_modified_time":"2025-07-29T08:47:43+00:00","og_image":[{"width":593,"height":378,"url":"https:\/\/www.villa-j.fr\/wp-content\/uploads\/2020\/07\/sudsArles.png","type":"image\/png"}],"twitter_card":"summary_large_image","twitter_misc":{"Est. reading time":"3 minutes"},"schema":{"@context":"https:\/\/schema.org","@graph":[{"@type":"WebPage","@id":"https:\/\/www.villa-j.fr\/en\/evenements\/les-salons-de-musique-du-festival-les-suds-2020\/","url":"https:\/\/www.villa-j.fr\/en\/evenements\/les-salons-de-musique-du-festival-les-suds-2020\/","name":"Les salons de musique du festival Les Suds 2020 - Villa J","isPartOf":{"@id":"https:\/\/www.villa-j.fr\/en\/#website"},"primaryImageOfPage":{"@id":"https:\/\/www.villa-j.fr\/en\/evenements\/les-salons-de-musique-du-festival-les-suds-2020\/#primaryimage"},"image":{"@id":"https:\/\/www.villa-j.fr\/en\/evenements\/les-salons-de-musique-du-festival-les-suds-2020\/#primaryimage"},"thumbnailUrl":"https:\/\/www.villa-j.fr\/wp-content\/uploads\/2020\/07\/sudsArles.png","datePublished":"2020-07-09T13:18:59+00:00","dateModified":"2025-07-29T08:47:43+00:00","breadcrumb":{"@id":"https:\/\/www.villa-j.fr\/en\/evenements\/les-salons-de-musique-du-festival-les-suds-2020\/#breadcrumb"},"inLanguage":"en-US","potentialAction":[{"@type":"ReadAction","target":["https:\/\/www.villa-j.fr\/en\/evenements\/les-salons-de-musique-du-festival-les-suds-2020\/"]}]},{"@type":"ImageObject","inLanguage":"en-US","@id":"https:\/\/www.villa-j.fr\/en\/evenements\/les-salons-de-musique-du-festival-les-suds-2020\/#primaryimage","url":"https:\/\/www.villa-j.fr\/wp-content\/uploads\/2020\/07\/sudsArles.png","contentUrl":"https:\/\/www.villa-j.fr\/wp-content\/uploads\/2020\/07\/sudsArles.png","width":593,"height":378},{"@type":"BreadcrumbList","@id":"https:\/\/www.villa-j.fr\/en\/evenements\/les-salons-de-musique-du-festival-les-suds-2020\/#breadcrumb","itemListElement":[{"@type":"ListItem","position":1,"name":"Accueil","item":"https:\/\/www.villa-j.fr\/en\/"},{"@type":"ListItem","position":2,"name":"\u00c9v\u00e8nements","item":"https:\/\/www.villa-j.fr\/en\/events\/"},{"@type":"ListItem","position":3,"name":"Les salons de musique du festival Les Suds 2020"}]},{"@type":"WebSite","@id":"https:\/\/www.villa-j.fr\/en\/#website","url":"https:\/\/www.villa-j.fr\/en\/","name":"Villa J","description":"Un lieu pour vos formations, s\u00e9minaires, coworking, r\u00e9unions profesionnelles, \u00e9v\u00e8nements culturels et expositions \u00e0 Arles","publisher":{"@id":"https:\/\/www.villa-j.fr\/en\/#organization"},"potentialAction":[{"@type":"SearchAction","target":{"@type":"EntryPoint","urlTemplate":"https:\/\/www.villa-j.fr\/en\/?s={search_term_string}"},"query-input":{"@type":"PropertyValueSpecification","valueRequired":true,"valueName":"search_term_string"}}],"inLanguage":"en-US"},{"@type":"Organization","@id":"https:\/\/www.villa-j.fr\/en\/#organization","name":"Villa J","url":"https:\/\/www.villa-j.fr\/en\/","logo":{"@type":"ImageObject","inLanguage":"en-US","@id":"https:\/\/www.villa-j.fr\/en\/#\/schema\/logo\/image\/","url":"https:\/\/www.villa-j.fr\/wp-content\/uploads\/2025\/07\/favicon.png","contentUrl":"https:\/\/www.villa-j.fr\/wp-content\/uploads\/2025\/07\/favicon.png","width":1067,"height":1067,"caption":"Villa J"},"image":{"@id":"https:\/\/www.villa-j.fr\/en\/#\/schema\/logo\/image\/"},"sameAs":["https:\/\/www.facebook.com\/EspaceVillaJ"]}]}},"_links":{"self":[{"href":"https:\/\/www.villa-j.fr\/en\/wp-json\/wp\/v2\/evenement\/51942","targetHints":{"allow":["GET"]}}],"collection":[{"href":"https:\/\/www.villa-j.fr\/en\/wp-json\/wp\/v2\/evenement"}],"about":[{"href":"https:\/\/www.villa-j.fr\/en\/wp-json\/wp\/v2\/types\/evenement"}],"wp:featuredmedia":[{"embeddable":true,"href":"https:\/\/www.villa-j.fr\/en\/wp-json\/wp\/v2\/media\/51764"}],"wp:attachment":[{"href":"https:\/\/www.villa-j.fr\/en\/wp-json\/wp\/v2\/media?parent=51942"}],"wp:term":[{"taxonomy":"type_d_evenement","embeddable":true,"href":"https:\/\/www.villa-j.fr\/en\/wp-json\/wp\/v2\/type_d_evenement?post=51942"}],"curies":[{"name":"wp","href":"https:\/\/api.w.org\/{rel}","templated":true}]}}