{"id":51929,"date":"2019-09-25T07:40:52","date_gmt":"2019-09-25T07:40:52","guid":{"rendered":"https:\/\/www.villa-j.fr\/evenements\/les-bruissements-du-monde-jardins-sonores\/"},"modified":"2025-07-29T09:16:17","modified_gmt":"2025-07-29T09:16:17","slug":"les-bruissements-du-monde-jardins-sonores","status":"publish","type":"evenement","link":"https:\/\/www.villa-j.fr\/en\/evenements\/les-bruissements-du-monde-jardins-sonores\/","title":{"rendered":"Les bruissements du Monde \/ Jardins sonores"},"content":{"rendered":"\n<div class=\"wp-block-media-text is-stacked-on-mobile\" style=\"grid-template-columns:35% auto\"><figure class=\"wp-block-media-text__media\"><img loading=\"lazy\" decoding=\"async\" width=\"378\" height=\"567\" src=\"https:\/\/www.villa-j.fr\/wp-content\/uploads\/2015\/06\/MG_8282-ecouteok-bd.jpg\" alt=\"\" class=\"wp-image-51291 size-full\" srcset=\"https:\/\/www.villa-j.fr\/wp-content\/uploads\/2015\/06\/MG_8282-ecouteok-bd.jpg 378w, https:\/\/www.villa-j.fr\/wp-content\/uploads\/2015\/06\/MG_8282-ecouteok-bd-367x550.jpg 367w, https:\/\/www.villa-j.fr\/wp-content\/uploads\/2015\/06\/MG_8282-ecouteok-bd-240x360.jpg 240w\" sizes=\"auto, (max-width: 378px) 100vw, 378px\" \/><\/figure><div class=\"wp-block-media-text__content\">\n<p><strong><a href=\"http:\/\/www.phonurgia.org\" target=\"_blank\" rel=\"noreferrer noopener\">Phonurgia nova<\/a>, association arl\u00e9sienne d\u00e9di\u00e9e \u00e0 la cr\u00e9ation sonore, r\u00e9unit pour les 20 ans du festival <a href=\"http:\/\/www.suds-arles.com\" target=\"_blank\" rel=\"noreferrer noopener\">Les Suds<\/a> \u00e0 Arles dans un programme \u00e0 \u00e9couter dans le jardin ombrag\u00e9 de la Villa J, artistes sonores et cr\u00e9ateurs radiophoniques.<\/strong><\/p>\n\n\n\n<p>Leurs cr\u00e9ations sont abrit\u00e9es par un dispositif imagin\u00e9 par Jules Wysocki, compositeur et ing\u00e9nieur du son : 12 casques haute fid\u00e9lit\u00e9 pour un moment d\u2019\u00e9coute et de partage. En partenariat avec Canop\u00e9e, ces voyages auditifs seront accompagn\u00e9s d\u2019une sc\u00e9nographie r\u00e9alis\u00e9e par le designer Lionel Jarmasson.<\/p>\n\n\n\n<p><em>Pi\u00e8ces sonores de 15 \u00e0 25 min, du 13 au 18 juillet de 14 h 30 \u00e0 17 h<br><\/em><em>Et en ville, \u00e0 la rencontre du public (renseignements au jour le jour)<br><\/em><em>Cantine \u00e9ph\u00e9m\u00e8re Caf\u00e9 d\u2019Autrefois tous les midis \u00e0 la Villa J.<\/em><\/p>\n\n\n\n<p><a href=\"https:\/\/www.villa-j.fr\/wp-content\/uploads\/2015\/06\/Phonurgia-Brochure-2015.pdf\">T\u00e9l\u00e9charger le Guide d&#8217;\u00e9coute<\/a><\/p>\n\n\n\n<p>Site internet : <a href=\"http:\/\/www.phonurgia.org\" target=\"_blank\" rel=\"noreferrer noopener\">www.phonurgia.org<br><\/a>Site internet : <a href=\"http:\/\/www.suds-arles.com\" target=\"_blank\" rel=\"noreferrer noopener\">www.suds-arles.com<\/a><\/p>\n<\/div><\/div>\n","protected":false},"featured_media":51289,"template":"","type_d_evenement":[10],"class_list":["post-51929","evenement","type-evenement","status-publish","has-post-thumbnail","hentry","type_d_evenement-experience"],"acf":[],"yoast_head":"<!-- This site is optimized with the Yoast SEO plugin v26.9 - https:\/\/yoast.com\/product\/yoast-seo-wordpress\/ -->\n<title>Les bruissements du Monde \/ Jardins sonores - Villa J<\/title>\n<meta name=\"robots\" content=\"index, follow, max-snippet:-1, max-image-preview:large, max-video-preview:-1\" \/>\n<link rel=\"canonical\" href=\"https:\/\/www.villa-j.fr\/en\/evenements\/les-bruissements-du-monde-jardins-sonores\/\" \/>\n<meta property=\"og:locale\" content=\"en_US\" \/>\n<meta property=\"og:type\" content=\"article\" \/>\n<meta property=\"og:title\" content=\"Les bruissements du Monde \/ Jardins sonores - Villa J\" \/>\n<meta property=\"og:description\" content=\"Phonurgia nova, association arl\u00e9sienne d\u00e9di\u00e9e \u00e0 la cr\u00e9ation sonore, r\u00e9unit pour les 20 ans du festival Les Suds \u00e0 Arles dans un programme \u00e0 \u00e9couter dans le jardin ombrag\u00e9 de la Villa J, artistes sonores et cr\u00e9ateurs radiophoniques. Leurs cr\u00e9ations sont abrit\u00e9es par un dispositif imagin\u00e9 par Jules Wysocki, compositeur et ing\u00e9nieur du son : [&hellip;]\" \/>\n<meta property=\"og:url\" content=\"https:\/\/www.villa-j.fr\/en\/evenements\/les-bruissements-du-monde-jardins-sonores\/\" \/>\n<meta property=\"og:site_name\" content=\"Villa J\" \/>\n<meta property=\"article:publisher\" content=\"https:\/\/www.facebook.com\/EspaceVillaJ\" \/>\n<meta property=\"article:modified_time\" content=\"2025-07-29T09:16:17+00:00\" \/>\n<meta property=\"og:image\" content=\"https:\/\/www.villa-j.fr\/wp-content\/uploads\/2015\/06\/MG_8299-ecouteok-bd.jpg\" \/>\n\t<meta property=\"og:image:width\" content=\"709\" \/>\n\t<meta property=\"og:image:height\" content=\"472\" \/>\n\t<meta property=\"og:image:type\" content=\"image\/jpeg\" \/>\n<meta name=\"twitter:card\" content=\"summary_large_image\" \/>\n<meta name=\"twitter:label1\" content=\"Est. reading time\" \/>\n\t<meta name=\"twitter:data1\" content=\"2 minutes\" \/>\n<!-- \/ Yoast SEO plugin. -->","yoast_head_json":{"title":"Les bruissements du Monde \/ Jardins sonores - Villa J","robots":{"index":"index","follow":"follow","max-snippet":"max-snippet:-1","max-image-preview":"max-image-preview:large","max-video-preview":"max-video-preview:-1"},"canonical":"https:\/\/www.villa-j.fr\/en\/evenements\/les-bruissements-du-monde-jardins-sonores\/","og_locale":"en_US","og_type":"article","og_title":"Les bruissements du Monde \/ Jardins sonores - Villa J","og_description":"Phonurgia nova, association arl\u00e9sienne d\u00e9di\u00e9e \u00e0 la cr\u00e9ation sonore, r\u00e9unit pour les 20 ans du festival Les Suds \u00e0 Arles dans un programme \u00e0 \u00e9couter dans le jardin ombrag\u00e9 de la Villa J, artistes sonores et cr\u00e9ateurs radiophoniques. Leurs cr\u00e9ations sont abrit\u00e9es par un dispositif imagin\u00e9 par Jules Wysocki, compositeur et ing\u00e9nieur du son : [&hellip;]","og_url":"https:\/\/www.villa-j.fr\/en\/evenements\/les-bruissements-du-monde-jardins-sonores\/","og_site_name":"Villa J","article_publisher":"https:\/\/www.facebook.com\/EspaceVillaJ","article_modified_time":"2025-07-29T09:16:17+00:00","og_image":[{"width":709,"height":472,"url":"https:\/\/www.villa-j.fr\/wp-content\/uploads\/2015\/06\/MG_8299-ecouteok-bd.jpg","type":"image\/jpeg"}],"twitter_card":"summary_large_image","twitter_misc":{"Est. reading time":"2 minutes"},"schema":{"@context":"https:\/\/schema.org","@graph":[{"@type":"WebPage","@id":"https:\/\/www.villa-j.fr\/en\/evenements\/les-bruissements-du-monde-jardins-sonores\/","url":"https:\/\/www.villa-j.fr\/en\/evenements\/les-bruissements-du-monde-jardins-sonores\/","name":"Les bruissements du Monde \/ Jardins sonores - Villa J","isPartOf":{"@id":"https:\/\/www.villa-j.fr\/en\/#website"},"primaryImageOfPage":{"@id":"https:\/\/www.villa-j.fr\/en\/evenements\/les-bruissements-du-monde-jardins-sonores\/#primaryimage"},"image":{"@id":"https:\/\/www.villa-j.fr\/en\/evenements\/les-bruissements-du-monde-jardins-sonores\/#primaryimage"},"thumbnailUrl":"https:\/\/www.villa-j.fr\/wp-content\/uploads\/2015\/06\/MG_8299-ecouteok-bd.jpg","datePublished":"2019-09-25T07:40:52+00:00","dateModified":"2025-07-29T09:16:17+00:00","breadcrumb":{"@id":"https:\/\/www.villa-j.fr\/en\/evenements\/les-bruissements-du-monde-jardins-sonores\/#breadcrumb"},"inLanguage":"en-US","potentialAction":[{"@type":"ReadAction","target":["https:\/\/www.villa-j.fr\/en\/evenements\/les-bruissements-du-monde-jardins-sonores\/"]}]},{"@type":"ImageObject","inLanguage":"en-US","@id":"https:\/\/www.villa-j.fr\/en\/evenements\/les-bruissements-du-monde-jardins-sonores\/#primaryimage","url":"https:\/\/www.villa-j.fr\/wp-content\/uploads\/2015\/06\/MG_8299-ecouteok-bd.jpg","contentUrl":"https:\/\/www.villa-j.fr\/wp-content\/uploads\/2015\/06\/MG_8299-ecouteok-bd.jpg","width":709,"height":472},{"@type":"BreadcrumbList","@id":"https:\/\/www.villa-j.fr\/en\/evenements\/les-bruissements-du-monde-jardins-sonores\/#breadcrumb","itemListElement":[{"@type":"ListItem","position":1,"name":"Accueil","item":"https:\/\/www.villa-j.fr\/en\/"},{"@type":"ListItem","position":2,"name":"\u00c9v\u00e8nements","item":"https:\/\/www.villa-j.fr\/en\/events\/"},{"@type":"ListItem","position":3,"name":"Les bruissements du Monde \/ Jardins sonores"}]},{"@type":"WebSite","@id":"https:\/\/www.villa-j.fr\/en\/#website","url":"https:\/\/www.villa-j.fr\/en\/","name":"Villa J","description":"Un lieu pour vos formations, s\u00e9minaires, coworking, r\u00e9unions profesionnelles, \u00e9v\u00e8nements culturels et expositions \u00e0 Arles","publisher":{"@id":"https:\/\/www.villa-j.fr\/en\/#organization"},"potentialAction":[{"@type":"SearchAction","target":{"@type":"EntryPoint","urlTemplate":"https:\/\/www.villa-j.fr\/en\/?s={search_term_string}"},"query-input":{"@type":"PropertyValueSpecification","valueRequired":true,"valueName":"search_term_string"}}],"inLanguage":"en-US"},{"@type":"Organization","@id":"https:\/\/www.villa-j.fr\/en\/#organization","name":"Villa J","url":"https:\/\/www.villa-j.fr\/en\/","logo":{"@type":"ImageObject","inLanguage":"en-US","@id":"https:\/\/www.villa-j.fr\/en\/#\/schema\/logo\/image\/","url":"https:\/\/www.villa-j.fr\/wp-content\/uploads\/2025\/07\/favicon.png","contentUrl":"https:\/\/www.villa-j.fr\/wp-content\/uploads\/2025\/07\/favicon.png","width":1067,"height":1067,"caption":"Villa J"},"image":{"@id":"https:\/\/www.villa-j.fr\/en\/#\/schema\/logo\/image\/"},"sameAs":["https:\/\/www.facebook.com\/EspaceVillaJ"]}]}},"_links":{"self":[{"href":"https:\/\/www.villa-j.fr\/en\/wp-json\/wp\/v2\/evenement\/51929","targetHints":{"allow":["GET"]}}],"collection":[{"href":"https:\/\/www.villa-j.fr\/en\/wp-json\/wp\/v2\/evenement"}],"about":[{"href":"https:\/\/www.villa-j.fr\/en\/wp-json\/wp\/v2\/types\/evenement"}],"wp:featuredmedia":[{"embeddable":true,"href":"https:\/\/www.villa-j.fr\/en\/wp-json\/wp\/v2\/media\/51289"}],"wp:attachment":[{"href":"https:\/\/www.villa-j.fr\/en\/wp-json\/wp\/v2\/media?parent=51929"}],"wp:term":[{"taxonomy":"type_d_evenement","embeddable":true,"href":"https:\/\/www.villa-j.fr\/en\/wp-json\/wp\/v2\/type_d_evenement?post=51929"}],"curies":[{"name":"wp","href":"https:\/\/api.w.org\/{rel}","templated":true}]}}